{"id":4928,"date":"2016-01-20T20:59:24","date_gmt":"2016-01-20T19:59:24","guid":{"rendered":"http:\/\/www.radio-adapter.eu\/blog\/produkt\/bmw-mini-lautsprecher-vordere-tueren-2001-2014\/"},"modified":"2019-07-17T15:52:37","modified_gmt":"2019-07-17T13:52:37","slug":"bmw-mini-lautsprecher-vordere-tueren-2001-2014","status":"publish","type":"product","link":"https:\/\/www.radio-adapter.eu\/blog\/produkt\/bmw-mini-lautsprecher-vordere-tueren-2001-2014\/","title":{"rendered":"BMW Mini Lautsprecher vordere T\u00fcren 2001-2014"},"content":{"rendered":"<p>Dieses Lautsprecher Set passt in den <em>BMW Mini ab 2001-2014<\/em> und die originalen Einbaupl\u00e4tze\u00a0 Das Set\u00a0<strong>BMW Mini Lautsprecher vordere T\u00fcren 2001-2014<\/strong> erm\u00f6glicht den Austausch der originalen Lautsprecher, es werden wieder die gleichen Einbaupl\u00e4tze verwendet. Die Lautsprecher verschwinden unter der T\u00fcrverkleidung und sind von au\u00dfen nicht sichtbar.<\/p>\n<p>Es werden soweit wie m\u00f6glich die originalen Lautsprecherkabel ab Werk in den T\u00fcren genutzt um das System mit der Frequenzweiche zu verkabeln. In dem\u00a0<em>BMW Mini Lautsprecher vordere T\u00fcren 2001-2014<\/em> sind alle notwendigen Lautsprecher und Adapter enthalten um den Einbau zu bewerkstelligen.<\/p>\n<p><span style=\"color: #ff0000;\"><strong>Passt f\u00fcr Modelle Mini 1. Generation Mini 2.Generation von 2001 &#8211; 2014 One, One D, Cooper, Cooper D, Cooper S, Cooper SD auch f\u00fcr Cabrio R57 und Roadster in den vorderen T\u00fcren<br \/>\n<\/strong><\/span><\/p>\n<h2>Die Lautsprecher Gr\u00f6\u00dfen im BMW Mini vorne<\/h2>\n<p>In den vorderen T\u00fcren ist ein zwei Wege System mit 16,5 cm Tieft\u00f6ner verbaut und separaten Hocht\u00f6nern in der T\u00fcrverkleidung.<\/p>\n<p>&nbsp;<\/p>\n<p>&nbsp;<\/p>\n<h2>Lieferumfang: BMW Mini Lautsprecher vordere T\u00fcren 2001-2014<\/h2>\n<p>&nbsp;<\/p>\n<ul>\n<li>1 x <strong>Zwei Wege<\/strong> Auto Lautsprechersystem mit 2 x Frequenzweichen und 2 x separaten Hocht\u00f6nern f\u00fcr die vorderen T\u00fcren<\/li>\n<li>2 x Einbauringe<\/li>\n<li>1 x Einbauanleitung<\/li>\n<\/ul>\n<p>&nbsp;<\/p>\n<p><strong>Alle Lautsprechersysteme werden immer paarweise geliefert!<\/strong><\/p>\n<p>Die\u00a0<em><strong>BMW Mini Lautsprecher vordere T\u00fcren 2001-2014<\/strong><\/em> verf\u00fcgen \u00fcber einen sehr hohen Wirkungsgrad und ist auch f\u00fcr den Normalbetrieb am Autoradio ohne weitere Verst\u00e4rker geeignet!<\/p>\n<p><strong>Technische Daten: JL-Audio C1 650 2 Wege System<br \/>\n<\/strong><\/p>\n<ul>\n<li>Leistung RMS \/ Max 50 \/ 225 Watt<\/li>\n<li>Frequenzbereich 59 Hz \u2013 22.000 Hz<\/li>\n<li>Durchmesser Tieft\u00f6ner \/ Hocht\u00f6ner 165mm \/ 13mm<\/li>\n<li>19 mm Silk-Dome-Hocht\u00f6ner<\/li>\n<li>Wirkungsgrad 91 dB 1 W \/ 1 m<\/li>\n<li>Impedanz 4 Ohm<\/li>\n<li>Einbautiefe 53 mm<\/li>\n<li>6dB Inline-Crossover with Advanced Tweeter Protection Circuitry<\/li>\n<\/ul>\n<p>&nbsp;<\/p>\n<p>&nbsp;<\/p>\n<p>&nbsp;<\/p>\n<p>Gratis Lautsprecher Einbau Anleitungen<\/p>\n<h3 class=\"entry-title\"><a href=\"http:\/\/www.radio-adapter.eu\/blog\/lautsprecher-wechseln-bmw-mini-one\/\" target=\"_blank\" rel=\"noopener\">Lautsprecher wechseln BMW Mini One<\/a><\/h3>\n<p>Wichtig ist das die Einbauanleitung f\u00fcr die Auto-Lautsprecher<em>\u00a0BMW Mini Lautsprecher vordere T\u00fcren 2001-2014<\/em> beachtet wird um zu einen guten Ergebnis beim Einbau zu kommen. Als Ausstattung sollte das passende Werkzeug vorhanden sein um die Installation durchzuf\u00fchren. Durch die Selbstmontage k\u00f6nnen nat\u00fcrlich Kosten gespart werden. Wie man Grunds\u00e4tzlich Lautsprecher einbauen kann erfahren Sie in dem Beitrag <a href=\"http:\/\/www.radio-adapter.eu\/blog\/fahrzeugspezifische-lautsprecher\/\" target=\"_blank\" rel=\"noopener\">Fahrzeugspezifische Lautsprecher einbauen<\/a>.<\/p>\n<p>Die einzelnen Schritte der Demontage der T\u00fcrverkleidungen und das Entfernen der originalen Lautsprecher werden in den Anleitungen beschrieben. Die originalen Werkslautsprecher sind mit Ringen aus Kunststoff an die T\u00fcrbleche genietet das ist von Fahrzeugtyp zu Fahrzeugtyp unterschiedlich.. Die originalen Werkslautsprecher m\u00fcssen mit den Lautsprecher-Halterungen ausgebohrt werden um die neuen Lautsprecher mit den im Lieferumfang enthaltenen Lautsprecherringen zu montieren.<\/p>\n<p>F\u00fcr die meisten Fahrzeugtypen und den passenden Lautsprecher Einbausets sind Einbauanleitungen vorhanden. Die Anleitungen sind ohne Gew\u00e4hr und von der handwerklichen F\u00e4higkeit des Monteurs abh\u00e4ngig. Unsachgem\u00e4\u00dfer Einbau f\u00fchrt zu einem schlechten Ergebnis im Klang und Pegel.<\/p>\n<p>&nbsp;<\/p>\n<p>&nbsp;<\/p>\n<p>&nbsp;<\/p>\n<p>&nbsp;<\/p>\n<p>&nbsp;<\/p>\n<p>&nbsp;<\/p>\n<p>&nbsp;<\/p>\n<p>&nbsp;<\/p>\n<p>&nbsp;<\/p>\n","protected":false},"excerpt":{"rendered":"<p>Dieses Auto Lautsprecher Einbauset, BMW Mini Lautsprecher vordere T\u00fcren 2001-2014 ist f\u00fcr den Austausch des Standard Lautsprechersystems in allen BMW Mini von 2001 &#8211; 2014 geeignet. Im Lieferumfang sind alle Lautsprecher und dazugeh\u00f6rigen Kabel und Einbaurringe enthalten und eine Einbauanleitung.<\/p>\n","protected":false},"featured_media":8714,"comment_status":"open","ping_status":"closed","template":"","meta":{"jetpack_post_was_ever_published":false,"jetpack_publicize_message":"","jetpack_publicize_feature_enabled":true,"jetpack_social_post_already_shared":true,"jetpack_social_options":{"image_generator_settings":{"template":"highway","default_image_id":0,"font":"","enabled":false},"version":2}},"product_brand":[],"product_cat":[2349,2389,3213],"product_tag":[2750,3214,2753,2393,2752,2751,2391,3215,3217,3216],"class_list":{"0":"post-4928","1":"product","2":"type-product","3":"status-publish","4":"has-post-thumbnail","6":"product_cat-auto-lautsprecher-einbausets","7":"product_cat-bmw-lautsprecher-einbausets","8":"product_cat-bmw-mini-lautsprecher-einbausets","9":"product_tag-bmw-mini-lautsprecher-wechseln","10":"product_tag-bmw-mini-r55-r56-standard-lautsprechersystem-tauschen","11":"product_tag-die-lautsprecher-groessen-im-bmw-mini-hinten","12":"product_tag-die-lautsprecher-groessen-im-bmw-mini-r50-r53-hinten","13":"product_tag-die-lautsprecher-groessen-im-bmw-mini-vorne","14":"product_tag-lautsprecher-einbauset-testsieger-bmw-mini","15":"product_tag-lautsprechersystem-fuer-bmw-mini-r50-r53","16":"product_tag-lautsprechersystem-fuer-bmw-mini-r55-r56","17":"product_tag-neue-lautspecher-fuer-bmw-mini-r50-r53","18":"product_tag-neue-lautsprecher-fuer-bmw-mini-r55-r56","19":"product_shipping_class-auto-lautsprecher-set","21":"first","22":"instock","23":"taxable","24":"shipping-taxable","25":"purchasable","26":"product-type-simple"},"jetpack_publicize_connections":[],"jetpack_sharing_enabled":true,"jetpack_likes_enabled":true,"_links":{"self":[{"href":"https:\/\/www.radio-adapter.eu\/blog\/wp-json\/wp\/v2\/product\/4928","targetHints":{"allow":["GET"]}}],"collection":[{"href":"https:\/\/www.radio-adapter.eu\/blog\/wp-json\/wp\/v2\/product"}],"about":[{"href":"https:\/\/www.radio-adapter.eu\/blog\/wp-json\/wp\/v2\/types\/product"}],"replies":[{"embeddable":true,"href":"https:\/\/www.radio-adapter.eu\/blog\/wp-json\/wp\/v2\/comments?post=4928"}],"wp:featuredmedia":[{"embeddable":true,"href":"https:\/\/www.radio-adapter.eu\/blog\/wp-json\/wp\/v2\/media\/8714"}],"wp:attachment":[{"href":"https:\/\/www.radio-adapter.eu\/blog\/wp-json\/wp\/v2\/media?parent=4928"}],"wp:term":[{"taxonomy":"product_brand","embeddable":true,"href":"https:\/\/www.radio-adapter.eu\/blog\/wp-json\/wp\/v2\/product_brand?post=4928"},{"taxonomy":"product_cat","embeddable":true,"href":"https:\/\/www.radio-adapter.eu\/blog\/wp-json\/wp\/v2\/product_cat?post=4928"},{"taxonomy":"product_tag","embeddable":true,"href":"https:\/\/www.radio-adapter.eu\/blog\/wp-json\/wp\/v2\/product_tag?post=4928"}],"curies":[{"name":"wp","href":"https:\/\/api.w.org\/{rel}","templated":true}]}}