{"id":3884,"date":"2015-08-15T13:15:14","date_gmt":"2015-08-15T11:15:14","guid":{"rendered":"http:\/\/www.radio-adapter.eu\/blog\/produkt\/touran-lautsprecher-bewertung-sehr-gut-hintere-tueren\/"},"modified":"2020-01-22T02:31:43","modified_gmt":"2020-01-22T01:31:43","slug":"vw-touran-lautsprecher-bewertung-sehr-gut-hintere-tueren","status":"publish","type":"product","link":"https:\/\/www.radio-adapter.eu\/blog\/produkt\/vw-touran-lautsprecher-bewertung-sehr-gut-hintere-tueren\/","title":{"rendered":"VW Touran Lautsprecher Bewertung sehr gut hintere T\u00fcren"},"content":{"rendered":"<p>Dieser Lautsprecher System kann in VW Touran von 2003 \u2013 2015 verwendet werden. Das Set <strong>VW Touran Lautsprecher Bewertung sehr gut hintere T\u00fcren<\/strong> erm\u00f6glicht den Austausch der originalen Lautsprecher, es werden wieder die gleichen Einbaupl\u00e4tze verwendet. Die Lautsprecher verschwinden unter der T\u00fcrverkleidung und sind von au\u00dfen nicht sichtbar.<\/p>\n<p>Es werden soweit wie m\u00f6glich die originalen Lautsprecherkabel ab Werk in den T\u00fcren genutzt um das System mit der Frequenzweiche zu verkabeln. In dem Set VW Touran Lautsprecher Bewertung sehr gut hintere T\u00fcren sind alle Notwendigen Lautsprecher und Adapter enthalten um den Einbau zu bewerkstelligen.<\/p>\n<p>&nbsp;<\/p>\n<h2>Die Lautsprecher Gr\u00f6\u00dfen im VW Touran hinten<\/h2>\n<p>In den hinteren T\u00fcren ist ein zwei Wege System mit 16,5 cm Tieft\u00f6ner verbaut und separaten Hocht\u00f6nern in der T\u00fcrverkleidung.<\/p>\n<p>&nbsp;<\/p>\n<h2>Lieferumfang: VW Touran Lautsprecher Bewertung sehr gut hintere T\u00fcren<\/h2>\n<ul>\n<li>1 x Zwei Wege Auto Lautsprechersystem mit Frequenzweichen und separaten Hocht\u00f6nern f\u00fcr die hinteren T\u00fcren<\/li>\n<li>1 x Lautsprecherringe f\u00fcr den Einbau in den hinteren T\u00fcren<\/li>\n<li>1 x Lautsprecheradapterkabel hintere T\u00fcren<\/li>\n<\/ul>\n<p>&nbsp;<\/p>\n<p><strong>Alle Lautsprechersysteme werden immer paarweise geliefert!<\/strong><\/p>\n<p>Die<em><strong> VW Touran Lautsprecher Bewertung sehr gut hintere T\u00fcren<\/strong><\/em> verf\u00fcgen \u00fcber einen sehr hohen Wirkungsgrad und ist auch f\u00fcr den Normalbetrieb am Autoradio ohne weitere Verst\u00e4rker geeignet!<\/p>\n<p>r<\/p>\n<p><a href=\"http:\/\/www.radio-adapter.eu\/blog\/fahrzeugspezifische-lautsprecher\/\" target=\"_blank\" rel=\"noopener noreferrer\">Fahrzeugspezifische Lautsprecher<\/a>\u00a0 mit hervorrangendem Klang.<\/p>\n<p>&nbsp;<\/p>\n<p>Das Set VW Touran Lautsprecher Bewertung sehr gut hintere T\u00fcren hat folgende Technische Details:<\/p>\n<p>&nbsp;<\/p>\n<p>Technische Daten: Hertz CK165L<\/p>\n<p><img loading=\"lazy\" decoding=\"async\" width=\"474\" height=\"834\" class=\"alignalignnone size-full wp-image-9022\" src=\"http:\/\/www.radio-adapter.eu\/blog\/wp-content\/uploads\/2016\/01\/CK165L-technische-details.jpg\" \/><\/p>\n<p>&nbsp;<\/p>\n<p>&nbsp;<\/p>\n<h3>Gratis VW Touran Lautsprecher Anleitungen<\/h3>\n<h3 class=\"entry-title\"><a href=\"http:\/\/www.radio-adapter.eu\/blog\/vw-touran-lautsprecher-ausbauen-in-den-hinteren-tueren\/\" target=\"_blank\" rel=\"noopener noreferrer\">VW Touran Lautsprecher ausbauen in den hinteren T\u00fcren<\/a><\/h3>\n<p>Wichtig ist das die Einbauanleitung f\u00fcr das Set VW Touran Lautsprecher Bewertung sehr gut hintere T\u00fcren beachtet wird um zu einen guten Ergebnis beim Einbau zu kommen. Als Ausstattung sollte das passende Werkzeug vorhanden sein um die Installation durchzuf\u00fchren. Durch die Selbstmontage k\u00f6nnen nat\u00fcrlich Kosten gespart werden.<\/p>\n<p>Die einzelnen Schritte der Demontage der T\u00fcrverkleidungen und das Entfernen der originalen Lautsprecher werden in den Anleitungen beschrieben. Die originalen Werkslautsprecher sind mit Ringen aus Kunststoff an die T\u00fcrbleche genietet das ist von Fahrzeugtyp zu Fahrzeugtyp unterschiedlich.. Die originalen Werkslautsprecher m\u00fcssen mit den Lautsprecher-Halterungen ausgebohrt werden um die neuen Lautsprecher mit den im Lieferumfang enthaltenen Lautsprecherringen zu montieren.<\/p>\n<p>F\u00fcr die meisten Fahrzeugtypen und den passenden Lautsprecher Einbausets sind Einbauanleitungen vorhanden. Die Anleitungen sind ohne Gew\u00e4hr und von der handwerklichen F\u00e4higkeit des Monteurs abh\u00e4ngig. Unsachgem\u00e4\u00dfer Einbau f\u00fchrt zu einem schlechten Ergebnis im Klang und Pegel.<\/p>\n<p>&nbsp;<\/p>\n<p>&nbsp;<\/p>\n<p>&nbsp;<\/p>\n<p>&nbsp;<\/p>\n<p>&nbsp;<\/p>\n<p>&nbsp;<\/p>\n","protected":false},"excerpt":{"rendered":"<p>Dieses Auto Lautsprecher Einbauset, VW Touran Lautsprecher Bewertung sehr gut hintere T\u00fcren ist f\u00fcr den Austausch des Standard Lautsprechersystems in VW Touran geeignet. Im Lieferumfang sind alle Lautsprecher und dazugeh\u00f6rigen Kabel und Einbaurringe enthalten.<\/p>\n","protected":false},"featured_media":9084,"comment_status":"open","ping_status":"closed","template":"","meta":{"jetpack_post_was_ever_published":false,"jetpack_publicize_message":"","jetpack_publicize_feature_enabled":true,"jetpack_social_post_already_shared":true,"jetpack_social_options":{"image_generator_settings":{"template":"highway","default_image_id":0,"font":"","enabled":false},"version":2}},"product_brand":[],"product_cat":[2349,2350,2680],"product_tag":[2678,2679,2677,2676,2675],"class_list":{"0":"post-3884","1":"product","2":"type-product","3":"status-publish","4":"has-post-thumbnail","6":"product_cat-auto-lautsprecher-einbausets","7":"product_cat-vw-lautsprecher-einbausets","8":"product_cat-vw-touran-lautsprecher-einbausets","9":"product_tag-die-lautsprecher-groessen-im-vw-touran-hinten","10":"product_tag-die-lautsprecher-groessen-im-vw-touran-vorne","11":"product_tag-lautsprechersystem-fuer-vw-touran","12":"product_tag-neue-lautsprecher-fuer-vw-touran","13":"product_tag-vw-touran-standard-lautsprechersystem-tauschen","14":"product_shipping_class-auto-lautsprecher-set","16":"first","17":"instock","18":"taxable","19":"shipping-taxable","20":"purchasable","21":"product-type-simple"},"jetpack_publicize_connections":[],"jetpack_sharing_enabled":true,"jetpack_likes_enabled":true,"_links":{"self":[{"href":"https:\/\/www.radio-adapter.eu\/blog\/wp-json\/wp\/v2\/product\/3884","targetHints":{"allow":["GET"]}}],"collection":[{"href":"https:\/\/www.radio-adapter.eu\/blog\/wp-json\/wp\/v2\/product"}],"about":[{"href":"https:\/\/www.radio-adapter.eu\/blog\/wp-json\/wp\/v2\/types\/product"}],"replies":[{"embeddable":true,"href":"https:\/\/www.radio-adapter.eu\/blog\/wp-json\/wp\/v2\/comments?post=3884"}],"wp:featuredmedia":[{"embeddable":true,"href":"https:\/\/www.radio-adapter.eu\/blog\/wp-json\/wp\/v2\/media\/9084"}],"wp:attachment":[{"href":"https:\/\/www.radio-adapter.eu\/blog\/wp-json\/wp\/v2\/media?parent=3884"}],"wp:term":[{"taxonomy":"product_brand","embeddable":true,"href":"https:\/\/www.radio-adapter.eu\/blog\/wp-json\/wp\/v2\/product_brand?post=3884"},{"taxonomy":"product_cat","embeddable":true,"href":"https:\/\/www.radio-adapter.eu\/blog\/wp-json\/wp\/v2\/product_cat?post=3884"},{"taxonomy":"product_tag","embeddable":true,"href":"https:\/\/www.radio-adapter.eu\/blog\/wp-json\/wp\/v2\/product_tag?post=3884"}],"curies":[{"name":"wp","href":"https:\/\/api.w.org\/{rel}","templated":true}]}}